{"id":645,"date":"2021-04-01T08:36:00","date_gmt":"2021-04-01T06:36:00","guid":{"rendered":"https:\/\/demenz-und-du.de\/?page_id=645"},"modified":"2022-01-02T16:22:49","modified_gmt":"2022-01-02T15:22:49","slug":"demenz-angehoriger-uberforderung","status":"publish","type":"page","link":"https:\/\/demenz-und-du.de\/demenz-hilfe-fuer-angehoerige\/demenz-angehoriger-uberforderung\/","title":{"rendered":"Trainiere dein Denken!"},"content":{"rendered":"<p style=\"\">Meistens sp\u00fcrt man es, wenn man sich gerade \u00fcbernimmt. Und meisten sagt man sich, beim n\u00e4chsten Mal passe ich besser auf und mache dieses oder jenes anders. Um dann doch wieder in die selben Verhaltensmuster mit den gleichen Problemen zu fallen.<\/p>\n<p style=\"\">Doch das kannst du \u00e4ndern! Es gibt \u00dcbungen, mit denen du dich selbst &#8222;programmieren&#8220; und dein Denken \u200bdeinem Zielen entsprechend beeinflussen kannst!<\/p>\n<p style=\"\">Hier findest du eine \u00dcbersicht unserer Artikel zum Thema &#8222;Trainiere dein Denken!&#8220;. Klicke einfach auf ein Thema, das dich interessiert, um den ganzen Artikel zu \u00f6ffnen.<\/p>\n<p><div class=\"tcb-post-list tve-content-list thrv_wrapper\" data-type=\"grid\" data-pagination-type=\"load_more\" data-pages_near_current=\"2\" data-css=\"tve-u-1778117a7b8\" data-total_post_count=\"8\" data-total_sticky_count=\"0\" data-disabled-links=\"1\" data-no_posts_text=\"There are no posts to display.\"><article id=\"post-3246\" class=\"post-3246 post type-post status-publish format-standard has-post-thumbnail hentry category-so-staerkst-du-dich-selbst category-trainiere-dein-denken tag-demenz-pflege tag-demenz-resilienz tag-demenz-schlechtes-gewissen post-wrapper thrv_wrapper thrive-animated-item \" tcb_hover_state_parent=\"\" data-id=\"3246\" data-selector=\".post-wrapper\"><style class=\"tcb-post-list-dynamic-style\" type=\"text\/css\">@media (min-width: 300px){[].tcb-post-list #post-3246 []{background-image: linear-gradient(rgba(0, 0, 0, 0.27) 0%, rgba(0, 0, 0, 0) 100%), url(&#8222;https:\/\/demenz-und-du.de\/wp-content\/uploads\/2026\/01\/Demenzhilfe-resiliente-Frau-300x244.jpg&#8222;) !important;}}<\/style><a href=\"https:\/\/demenz-und-du.de\/demenz-hilfe-fuer-angehoerige\/resilienz-staerken-wichtig-in-der-demenz-pflege\/\" dynamic-postlink=\"tcb_post_the_permalink\" data-shortcode-id=\"112\"><\/a><\/p>\n<h2 style=\"\"><span data-attr-css=\"\" data-attr-link=\"1\" data-attr-rel=\"0\" data-attr-target=\"0\" data-extra_key=\"\" data-option-inline=\"1\" data-shortcode=\"tcb_post_title\" data-shortcode-name=\"Post title\" data-attr-static-link=\"{&quot;className&quot;:&quot;tve-froala&quot;,&quot;href&quot;:&quot;#&quot;,&quot;title&quot;:&quot;Gesch\u00fctzt: Trainiere dein Denken!&quot;,&quot;class&quot;:&quot;tve-froala&quot;}\"><a href=\"https:\/\/demenz-und-du.de\/demenz-hilfe-fuer-angehoerige\/resilienz-staerken-wichtig-in-der-demenz-pflege\/\" title=\"Resilienz st\u00e4rken \u2013 Wichtig in der Demenz-Pflege!\" data-css=\"\" class=\"tve-froala\">Resilienz st\u00e4rken \u2013 Wichtig in der Demenz-Pflege!<\/a><\/span><\/h2>\n<p><a href=\"https:\/\/demenz-und-du.de\/demenz-hilfe-fuer-angehoerige\/resilienz-staerken-wichtig-in-der-demenz-pflege\/\" style=\"font-size: var(--tve-font-size, 14px)  !important;\"><span style=\"\">                    <\/span><span style=\"\"><span style=\"\" data-tcb_hover_state_parent=\"\">Weiterlesen<\/span><\/span><\/a><div class=\"tve-article-cover\"><a class=\"tcb-article-cover-link\" href=\"https:\/\/demenz-und-du.de\/demenz-hilfe-fuer-angehoerige\/resilienz-staerken-wichtig-in-der-demenz-pflege\/\">Resilienz st\u00e4rken &#8211; Wichtig in der Demenz-Pflege!<\/a><\/div><\/article><article id=\"post-3026\" class=\"post-3026 post type-post status-publish format-standard has-post-thumbnail hentry category-behalte-die-kontrolle category-so-staerkst-du-dich-selbst category-trainiere-dein-denken tag-demenz-pflege tag-pflege-bei-demenz tag-pflege-demenzkranker tag-pflege-von-demenzerkrankten post-wrapper thrv_wrapper thrive-animated-item \" tcb_hover_state_parent=\"\" data-id=\"3026\" data-selector=\".post-wrapper\"><style class=\"tcb-post-list-dynamic-style\" type=\"text\/css\">@media (min-width: 300px){[].tcb-post-list #post-3026 []{background-image: linear-gradient(rgba(0, 0, 0, 0.27) 0%, rgba(0, 0, 0, 0) 100%), url(&#8222;https:\/\/demenz-und-du.de\/wp-content\/uploads\/2024\/08\/love-2583943_640-Kopie-225x300.jpg&#8222;) !important;}}<\/style><a href=\"https:\/\/demenz-und-du.de\/demenz-hilfe-fuer-angehoerige\/stark-bleiben-bei-der-pflege-von-demenzerkrankten\/\" dynamic-postlink=\"tcb_post_the_permalink\" data-shortcode-id=\"112\"><\/a><\/p>\n<h2 style=\"\"><span data-attr-css=\"\" data-attr-link=\"1\" data-attr-rel=\"0\" data-attr-target=\"0\" data-extra_key=\"\" data-option-inline=\"1\" data-shortcode=\"tcb_post_title\" data-shortcode-name=\"Post title\" data-attr-static-link=\"{&quot;className&quot;:&quot;tve-froala&quot;,&quot;href&quot;:&quot;#&quot;,&quot;title&quot;:&quot;Gesch\u00fctzt: Trainiere dein Denken!&quot;,&quot;class&quot;:&quot;tve-froala&quot;}\"><a href=\"https:\/\/demenz-und-du.de\/demenz-hilfe-fuer-angehoerige\/stark-bleiben-bei-der-pflege-von-demenzerkrankten\/\" title=\"Gesund bleiben bei der Pflege von Demenzerkrankten\" data-css=\"\" class=\"tve-froala\">Gesund bleiben bei der Pflege von Demenzerkrankten<\/a><\/span><\/h2>\n<p><a href=\"https:\/\/demenz-und-du.de\/demenz-hilfe-fuer-angehoerige\/stark-bleiben-bei-der-pflege-von-demenzerkrankten\/\" style=\"font-size: var(--tve-font-size, 14px)  !important;\"><span style=\"\">                    <\/span><span style=\"\"><span style=\"\" data-tcb_hover_state_parent=\"\">Weiterlesen<\/span><\/span><\/a><div class=\"tve-article-cover\"><a class=\"tcb-article-cover-link\" href=\"https:\/\/demenz-und-du.de\/demenz-hilfe-fuer-angehoerige\/stark-bleiben-bei-der-pflege-von-demenzerkrankten\/\">Gesund bleiben bei der Pflege von Demenzerkrankten<\/a><\/div><\/article><article id=\"post-2531\" class=\"post-2531 post type-post status-publish format-standard has-post-thumbnail hentry category-so-kannst-du-helfen category-so-staerkst-du-dich-selbst category-spass-und-beschaeftigung category-trainiere-dein-denken category-wohnenleben tag-familienfest-mit-demenz tag-feiern-mit-demenzkranken tag-ostern-mit-demenzkranken tag-stress-und-demenz tag-weihnachten-mit-demenzkranken post-wrapper thrv_wrapper thrive-animated-item \" tcb_hover_state_parent=\"\" data-id=\"2531\" data-selector=\".post-wrapper\"><style class=\"tcb-post-list-dynamic-style\" type=\"text\/css\">@media (min-width: 300px){[].tcb-post-list #post-2531 []{background-image: linear-gradient(rgba(0, 0, 0, 0.27) 0%, rgba(0, 0, 0, 0) 100%), url(&#8222;https:\/\/demenz-und-du.de\/wp-content\/uploads\/2023\/04\/Gedeckter-Tisch-300x200.jpg&#8222;) !important;}}<\/style><a href=\"https:\/\/demenz-und-du.de\/demenz-hilfe-fuer-angehoerige\/familienfeiern-mit-demenz\/\" dynamic-postlink=\"tcb_post_the_permalink\" data-shortcode-id=\"112\"><\/a><\/p>\n<h2 style=\"\"><span data-attr-css=\"\" data-attr-link=\"1\" data-attr-rel=\"0\" data-attr-target=\"0\" data-extra_key=\"\" data-option-inline=\"1\" data-shortcode=\"tcb_post_title\" data-shortcode-name=\"Post title\" data-attr-static-link=\"{&quot;className&quot;:&quot;tve-froala&quot;,&quot;href&quot;:&quot;#&quot;,&quot;title&quot;:&quot;Gesch\u00fctzt: Trainiere dein Denken!&quot;,&quot;class&quot;:&quot;tve-froala&quot;}\"><a href=\"https:\/\/demenz-und-du.de\/demenz-hilfe-fuer-angehoerige\/familienfeiern-mit-demenz\/\" title=\"Familienfeiern mit Demenz \u2013 Feiern ohne Stress!\" data-css=\"\" class=\"tve-froala\">Familienfeiern mit Demenz \u2013 Feiern ohne Stress!<\/a><\/span><\/h2>\n<p><a href=\"https:\/\/demenz-und-du.de\/demenz-hilfe-fuer-angehoerige\/familienfeiern-mit-demenz\/\" style=\"font-size: var(--tve-font-size, 14px)  !important;\"><span style=\"\">                    <\/span><span style=\"\"><span style=\"\" data-tcb_hover_state_parent=\"\">Weiterlesen<\/span><\/span><\/a><div class=\"tve-article-cover\"><a class=\"tcb-article-cover-link\" href=\"https:\/\/demenz-und-du.de\/demenz-hilfe-fuer-angehoerige\/familienfeiern-mit-demenz\/\">Familienfeiern mit Demenz \u2013 Feiern ohne Stress!<\/a><\/div><\/article><article id=\"post-1174\" class=\"post-1174 post type-post status-publish format-standard has-post-thumbnail hentry category-behalte-die-kontrolle category-so-staerkst-du-dich-selbst category-trainiere-dein-denken tag-demenz-stoppen tag-ernaehrung tag-medikation post-wrapper thrv_wrapper thrive-animated-item \" tcb_hover_state_parent=\"\" data-id=\"1174\" data-selector=\".post-wrapper\"><style class=\"tcb-post-list-dynamic-style\" type=\"text\/css\">@media (min-width: 300px){[].tcb-post-list #post-1174 []{background-image: linear-gradient(rgba(0, 0, 0, 0.27) 0%, rgba(0, 0, 0, 0) 100%), url(&#8222;https:\/\/demenz-und-du.de\/wp-content\/uploads\/2021\/12\/Sterbeprozess-bei-Demenz-300x169.jpg&#8222;) !important;}}<\/style><a href=\"https:\/\/demenz-und-du.de\/demenz-hilfe-fuer-angehoerige\/sterbeprozess-bei-demenz\/\" dynamic-postlink=\"tcb_post_the_permalink\" data-shortcode-id=\"112\"><\/a><\/p>\n<h2 style=\"\"><span data-attr-css=\"\" data-attr-link=\"1\" data-attr-rel=\"0\" data-attr-target=\"0\" data-extra_key=\"\" data-option-inline=\"1\" data-shortcode=\"tcb_post_title\" data-shortcode-name=\"Post title\" data-attr-static-link=\"{&quot;className&quot;:&quot;tve-froala&quot;,&quot;href&quot;:&quot;#&quot;,&quot;title&quot;:&quot;Gesch\u00fctzt: Trainiere dein Denken!&quot;,&quot;class&quot;:&quot;tve-froala&quot;}\"><a href=\"https:\/\/demenz-und-du.de\/demenz-hilfe-fuer-angehoerige\/sterbeprozess-bei-demenz\/\" title=\"Der Sterbeprozess bei Demenz: So bist du gut vorbereitet\" data-css=\"\" class=\"tve-froala\">Der Sterbeprozess bei Demenz: So bist du gut vorbereitet<\/a><\/span><\/h2>\n<p><a href=\"https:\/\/demenz-und-du.de\/demenz-hilfe-fuer-angehoerige\/sterbeprozess-bei-demenz\/\" style=\"font-size: var(--tve-font-size, 14px)  !important;\"><span style=\"\">                    <\/span><span style=\"\"><span style=\"\" data-tcb_hover_state_parent=\"\">Weiterlesen<\/span><\/span><\/a><div class=\"tve-article-cover\"><a class=\"tcb-article-cover-link\" href=\"https:\/\/demenz-und-du.de\/demenz-hilfe-fuer-angehoerige\/sterbeprozess-bei-demenz\/\">Der Sterbeprozess bei Demenz: So bist du gut vorbereitet<\/a><\/div><\/article><article id=\"post-1165\" class=\"post-1165 post type-post status-publish format-standard has-post-thumbnail hentry category-behalte-die-kontrolle category-so-staerkst-du-dich-selbst category-trainiere-dein-denken tag-demenz-pflege tag-pflege-bei-demenz tag-pflege-demenzkranker post-wrapper thrv_wrapper thrive-animated-item \" tcb_hover_state_parent=\"\" data-id=\"1165\" data-selector=\".post-wrapper\"><style class=\"tcb-post-list-dynamic-style\" type=\"text\/css\">@media (min-width: 300px){[].tcb-post-list #post-1165 []{background-image: linear-gradient(rgba(0, 0, 0, 0.27) 0%, rgba(0, 0, 0, 0) 100%), url(&#8222;https:\/\/demenz-und-du.de\/wp-content\/uploads\/2021\/11\/Demenz-Angehoerige-Umdenken-300x244.jpg&#8222;) !important;}}<\/style><a href=\"https:\/\/demenz-und-du.de\/demenz-hilfe-fuer-angehoerige\/demenz-pflege-so-findest-du-innere-kraft-und-ruhe\/\" dynamic-postlink=\"tcb_post_the_permalink\" data-shortcode-id=\"112\"><\/a><\/p>\n<h2 style=\"\"><span data-attr-css=\"\" data-attr-link=\"1\" data-attr-rel=\"0\" data-attr-target=\"0\" data-extra_key=\"\" data-option-inline=\"1\" data-shortcode=\"tcb_post_title\" data-shortcode-name=\"Post title\" data-attr-static-link=\"{&quot;className&quot;:&quot;tve-froala&quot;,&quot;href&quot;:&quot;#&quot;,&quot;title&quot;:&quot;Gesch\u00fctzt: Trainiere dein Denken!&quot;,&quot;class&quot;:&quot;tve-froala&quot;}\"><a href=\"https:\/\/demenz-und-du.de\/demenz-hilfe-fuer-angehoerige\/demenz-pflege-so-findest-du-innere-kraft-und-ruhe\/\" title=\"Demenz Pflege: So findest du innere Kraft und Ruhe\" data-css=\"\" class=\"tve-froala\">Demenz Pflege: So findest du innere Kraft und Ruhe<\/a><\/span><\/h2>\n<p><a href=\"https:\/\/demenz-und-du.de\/demenz-hilfe-fuer-angehoerige\/demenz-pflege-so-findest-du-innere-kraft-und-ruhe\/\" style=\"font-size: var(--tve-font-size, 14px)  !important;\"><span style=\"\">                    <\/span><span style=\"\"><span style=\"\" data-tcb_hover_state_parent=\"\">Weiterlesen<\/span><\/span><\/a><div class=\"tve-article-cover\"><a class=\"tcb-article-cover-link\" href=\"https:\/\/demenz-und-du.de\/demenz-hilfe-fuer-angehoerige\/demenz-pflege-so-findest-du-innere-kraft-und-ruhe\/\">Demenz Pflege: So findest du innere Kraft und Ruhe<\/a><\/div><\/article><article id=\"post-1129\" class=\"post-1129 post type-post status-publish format-standard has-post-thumbnail hentry category-behalte-die-kontrolle category-so-staerkst-du-dich-selbst category-trainiere-dein-denken tag-aggressivitaet-bei-demenz tag-demenz-aggression tag-demenz-aggressive-phase tag-demenz-stoppen tag-demenz-und-boshaftigkeit post-wrapper thrv_wrapper thrive-animated-item \" tcb_hover_state_parent=\"\" data-id=\"1129\" data-selector=\".post-wrapper\"><style class=\"tcb-post-list-dynamic-style\" type=\"text\/css\">@media (min-width: 300px){[].tcb-post-list #post-1129 []{background-image: linear-gradient(rgba(0, 0, 0, 0.27) 0%, rgba(0, 0, 0, 0) 100%), url(&#8222;https:\/\/demenz-und-du.de\/wp-content\/uploads\/2021\/09\/Aggressivitaet-bei-Demenz-300x200.jpg&#8222;) !important;}}<\/style><a href=\"https:\/\/demenz-und-du.de\/demenz-hilfe-fuer-angehoerige\/demenz-in-der-aggressiven-phase\/\" dynamic-postlink=\"tcb_post_the_permalink\" data-shortcode-id=\"112\"><\/a><\/p>\n<h2 style=\"\"><span data-attr-css=\"\" data-attr-link=\"1\" data-attr-rel=\"0\" data-attr-target=\"0\" data-extra_key=\"\" data-option-inline=\"1\" data-shortcode=\"tcb_post_title\" data-shortcode-name=\"Post title\" data-attr-static-link=\"{&quot;className&quot;:&quot;tve-froala&quot;,&quot;href&quot;:&quot;#&quot;,&quot;title&quot;:&quot;Gesch\u00fctzt: Trainiere dein Denken!&quot;,&quot;class&quot;:&quot;tve-froala&quot;}\"><a href=\"https:\/\/demenz-und-du.de\/demenz-hilfe-fuer-angehoerige\/demenz-in-der-aggressiven-phase\/\" title=\"Demenz in der aggressiven Phase \u2013 So kontrollierst du deine Gedanken\" data-css=\"\" class=\"tve-froala\">Demenz in der aggressiven Phase \u2013 So kontrollierst du deine Gedanken<\/a><\/span><\/h2>\n<p><a href=\"https:\/\/demenz-und-du.de\/demenz-hilfe-fuer-angehoerige\/demenz-in-der-aggressiven-phase\/\" style=\"font-size: var(--tve-font-size, 14px)  !important;\"><span style=\"\">                    <\/span><span style=\"\"><span style=\"\" data-tcb_hover_state_parent=\"\">Weiterlesen<\/span><\/span><\/a><div class=\"tve-article-cover\"><a class=\"tcb-article-cover-link\" href=\"https:\/\/demenz-und-du.de\/demenz-hilfe-fuer-angehoerige\/demenz-in-der-aggressiven-phase\/\">Demenz in der aggressiven Phase \u2013 So kontrollierst du deine Gedanken<\/a><\/div><\/article><\/div><div class=\"tcb-pagination thrv_wrapper tcb-permanently-hidden\" data-list=\"tve-u-1778117a7b8\" data-type=\"load_more\" data-css=\"tve-u-177811a9087\"><a href=\"javascript:void(0)\" style=\"\"><span style=\"\"><span style=\"\">Mehr anzeigen&#8230;<\/span><\/span><\/a><\/div><\/p>\n","protected":false},"excerpt":{"rendered":"<p>Meistens sp\u00fcrt man es, wenn man sich gerade \u00fcbernimmt. Und meisten sagt man sich, beim n\u00e4chsten Mal passe ich besser auf und mache dieses oder jenes anders. Um dann doch wieder in die selben Verhaltensmuster mit den gleichen Problemen zu fallen. Doch das kannst du \u00e4ndern! Es gibt \u00dcbungen, mit denen du dich selbst &#8222;programmieren&#8220; [&hellip;]<\/p>\n","protected":false},"author":2,"featured_media":0,"parent":0,"menu_order":43,"comment_status":"closed","ping_status":"closed","template":"","meta":{"_monsterinsights_skip_tracking":false,"_monsterinsights_sitenote_active":false,"_monsterinsights_sitenote_note":"","_monsterinsights_sitenote_category":0,"footnotes":"","tve_updated_post":"<div class=\"thrv_wrapper thrv_text_element\">\t<p data-css=\"tve-u-178563980f9\" style=\"\">Meistens sp\u00fcrt man es, wenn man sich gerade \u00fcbernimmt. Und meisten sagt man sich, beim n\u00e4chsten Mal passe ich besser auf und mache dieses oder jenes anders. Um dann doch wieder in die selben Verhaltensmuster mit den gleichen Problemen zu fallen.<\/p><p data-css=\"tve-u-178563980f9\" style=\"\">Doch das kannst du \u00e4ndern! Es gibt \u00dcbungen, mit denen du dich selbst \"programmieren\" und dein Denken deine Zielen entsprechend beeinflussen kannst! <br><\/p><p style=\"\" data-css=\"tve-u-178563980f9\">Hier findest du eine \u00dcbersicht unserer Artikel zum Thema \"Trainiere dein Denken!\". Klicke einfach auf ein Thema, das dich interessiert, um den ganzen Artikel zu \u00f6ffnen.<\/p><\/div>[tcb_post_list query=\"{'paged':1,'filter':'custom','post_type':|{|'post'|}|,'related':|{||}|,'orderby':'date','order':'DESC','posts_per_page':'6','offset':'1','no_posts_text':'There are no posts to display.','exclude_current_post':|{||}|,'queried_object':{'ID':645,'post_author':'1','post_type':'page'},'sticky':|{||}|,'rules':|{|{'taxonomy':'category','terms':|{|'62'|}|,'operator':'IN'}|}|}\" type=\"grid\" columns-d=\"3\" columns-t=\"2\" columns-m=\"1\" vertical-space-d=\"20\" horizontal-space-d=\"20\" ct=\"post_list-43451\" ct-name=\"Image &amp; Text 07\" tcb-elem-type=\"post_list\" pagination-type=\"load_more\" pages_near_current=\"2\" element-name=\"Post List\" css=\"tve-u-1778117a7b8\" posts_per_page=\"6\" featured-content=\"0\" vertical-space-t=\"30\" vertical-space-m=\"15\" horizontal-space-m=\"0\" article-tcb_hover_state_parent=\"\" total_post_count=\"0\" total_sticky_count=\"0\" disabled-links=\"1\" no_posts_text=\"There are no posts to display.\"  class='' article-tcb_hover_state_parent='' ][tcb_post_list_dynamic_style]@media (min-width: 300px){[data-css=\"tve-u-1778117a7b8\"].tcb-post-list #post-[tcb_the_id] [data-css=\"tve-u-1778117a7bf\"]{background-image: linear-gradient(rgba(0, 0, 0, 0.27) 0%, rgba(0, 0, 0, 0) 100%), url(\"[tcb_featured_image_url size=medium]\") !important;}}[\/tcb_post_list_dynamic_style]\n<div class=\"thrv_wrapper thrv_contentbox_shortcode thrv-content-box tve-elem-default-pad\" data-css=\"tve-u-1778117a7bb\" data-value-type=\"percent\" style=\"\">\n\t<div class=\"tve-content-box-background\" data-css=\"tve-u-1778117a7bc\" data-ct-name=\"Rounded Corner\" data-ct=\"fancydivider-38730\" data-element-name=\"Fancy Divider\" data-clip-id=\"d7654715c627e\" style=\"\"><svg width=\"0\" height=\"0\" class=\"tve-decoration-svg\"><defs><clipPath id=\"clip-bottom-d7654715c627e\" class=\"decoration-clip clip-path-bottom\" clipPathUnits=\"objectBoundingBox\" data-screen=\"\" decoration-type=\"slanted\" slanted-angle=\"35\" style=\"\"><polygon points=\"0 0, 0 1, 1.4281 0, 1 0\"><\/polygon><\/clipPath><clipPath id=\"clip-mobile-bottom-d7654715c627e\" class=\"decoration-clip clip-path-mobile-bottom\" clipPathUnits=\"objectBoundingBox\" data-screen=\"mobile-\" decoration-type=\"slanted\" slanted-angle=\"35\" style=\"\"><polygon points=\"0 0, 0 1, 1.4281 0, 1 0\"><\/polygon><\/clipPath><\/defs><\/svg><\/div>\n\t<div class=\"tve-cb\" data-css=\"tve-u-1778117a7bd\" style=\"\"><a href=\"[tcb_post_the_permalink]\" class=\"tve-dynamic-link\" dynamic-postlink=\"tcb_post_the_permalink\" data-shortcode-id=\"112\"><\/a><div class=\"thrv_wrapper thrv_contentbox_shortcode thrv-content-box tve-elem-default-pad tcb-local-vars-root\" style=\"\" data-css=\"tve-u-1778117a7be\">\n\t<div class=\"tve-content-box-background\" style=\"\" data-css=\"tve-u-1778117a7bf\"><\/div>\n\t<div class=\"tve-cb\" style=\"\" data-css=\"tve-u-1778117a7c0\"><\/div>\n<\/div><\/div>\n<\/div><div class=\"thrv_wrapper thrv_contentbox_shortcode thrv-content-box tve-elem-default-pad\" data-css=\"tve-u-1778117a7c7\" style=\"\">\n\t<div class=\"tve-content-box-background\"><\/div>\n\t<div class=\"tve-cb\"><div class=\"thrv_wrapper thrv_text_element tve-froala fr-box fr-basic\" style=\"\" data-css=\"tve-u-1778117a7c8\"><h2 class=\"\" data-css=\"tve-u-1778117a7c9\" style=\"\"><span class=\"thrive-shortcode-content\" data-attr-css=\"\" data-attr-link=\"1\" data-attr-rel=\"0\" data-attr-target=\"0\" data-extra_key=\"\" data-option-inline=\"1\" data-shortcode=\"tcb_post_title\" data-shortcode-name=\"Post title\" data-attr-static-link=\"{&quot;className&quot;:&quot;tve-froala&quot;,&quot;href&quot;:&quot;#&quot;,&quot;title&quot;:&quot;Gesch\u00fctzt: Trainiere dein Denken!&quot;,&quot;class&quot;:&quot;tve-froala&quot;}\">[tcb_post_title css='' link='1' rel='0' target='0' inline='1' static-link='{\"className\":\"tve-froala\",\"href\":\"#\",\"title\":\"Gesch\u00fctzt: Trainiere dein Denken!\",\"class\":\"tve-froala\"}']<\/span><\/h2><\/div><div class=\"tcb-clear tcb-post-read-more-clear\"><div class=\"thrv_wrapper tcb-post-read-more tcb-with-icon\" data-css=\"tve-u-1778117a7ca\" data-tcb_hover_state_parent=\"\" style=\"--tve-font-size:14px;\">\n\t<a href=\"[tcb_post_the_permalink]\" class=\"tcb-button-link tcb-post-read-more-link\" style=\"font-size: var(--tve-font-size, 14px)  !important;\"><span class=\"tcb-button-icon\" style=\"\">\n\t<div class=\"thrv_wrapper thrv_icon tve_no_drag tve_no_icons tcb-icon-inherit-style tcb-icon-display\" data-css=\"tve-u-1778117a7cb\"><svg class=\"tcb-icon\" viewBox=\"0 0 384 512\" data-id=\"icon-minus-light\" data-name=\"\">\n            <path d=\"M376 232H8c-4.42 0-8 3.58-8 8v32c0 4.42 3.58 8 8 8h368c4.42 0 8-3.58 8-8v-32c0-4.42-3.58-8-8-8z\"><\/path>\n        <\/svg><\/div>\n<\/span>\n\n\t\t<span class=\"tcb-button-texts\" style=\"\"><span class=\"tcb-button-text thrv-inline-text\" style=\"\" data-css=\"tve-u-17781182ce1\" data-tcb_hover_state_parent=\"\">Weiterlesen<\/span><\/span>\n\t<\/a>\n<\/div><\/div><\/div>\n<\/div>\n\n\n\n\n\n\n\n\n[\/tcb_post_list][tcb_pagination  data-list='tve-u-1778117a7b8' data-type='load_more' data-css='tve-u-177811a9087']\n<div class=\"tcb-pagination-load-more-button thrv_wrapper tve_no_icons\" data-css=\"tve-u-177811b05de\" data-tcb_hover_state_parent=\"\" style=\"\">\n\t<a href=\"javascript:void(0)\" class=\"tcb-button-link tcb-pagination-load-more-link\" style=\"\">\n\t<span class=\"tcb-button-texts\" style=\"\">\n\t\t<span class=\"tcb-button-text thrv-inline-text\" style=\"\">\t\t\tMehr anzeigen...<\/span>\n\t<\/span>\n\t<\/a>\n<\/div>\n[\/tcb_pagination]","tve_custom_css":"@media (min-width: 300px){.tcb-post-list[data-css=\"tve-u-1778117a7b8\"] .post-wrapper.thrv_wrapper { width: calc(33.3333% - 13.3333px); }[data-css=\"tve-u-1778117a7b8\"].tcb-post-list .post-wrapper { padding: 0px !important; }[data-css=\"tve-u-1778117a7b8\"].tcb-post-list [data-css=\"tve-u-1778117a7bb\"] { padding: 20px 20px 1px !important; margin-bottom: 31px !important; margin-top: 0px !important; }[data-css=\"tve-u-1778117a7b8\"].tcb-post-list [data-css=\"tve-u-1778117a7bc\"] { border-radius: 2px; overflow: hidden; clip-path: url(\"#clip-bottom-d7654715c627e\"); -webkit-clip-path: url(\"#clip-bottom-d7654715c627e\");  background-color: var(--tcb-skin-color-0)   !important; --background-color:var(--tcb-skin-color-0)   !important; --tve-applied-background-color:var$(--tcb-skin-color-0)   !important; }[data-css=\"tve-u-1778117a7b8\"].tcb-post-list [data-css=\"tve-u-1778117a7c7\"] { margin-top: 0px !important; padding: 20px !important; margin-bottom: 0px !important; }.tcb-post-list[data-css=\"tve-u-1778117a7b8\"] .post-wrapper.thrv_wrapper:nth-child(n+4) { margin-top: 20px !important; }.tcb-post-list[data-css=\"tve-u-1778117a7b8\"] .post-wrapper.thrv_wrapper:not(:nth-child(3n)) { margin-right: 20px !important; }[data-css=\"tve-u-1778117a7b8\"].tcb-post-list [data-css=\"tve-u-1778117a7ca\"] .tcb-button-link { border-radius: 0px; overflow: hidden; border: medium none; padding-left: 0px !important; background-color: transparent !important; }:not(#tve) [data-css=\"tve-u-1778117a7b8\"].tcb-post-list [data-css=\"tve-u-1778117a7ca\"] .tcb-button-link span { color: rgba(0, 0, 0, 0.5); }[data-css=\"tve-u-1778117a7b8\"].tcb-post-list [data-css=\"tve-u-1778117a7cb\"] { font-size: 12px; width: 12px; height: 12px; }:not(#tve) [data-css=\"tve-u-1778117a7b8\"].tcb-post-list .post-wrapper:hover { background-image: none !important; background-color: transparent !important; --tve-applied-background-color:transparent   !important; }[data-css=\"tve-u-1778117a7b8\"].tcb-post-list .post-wrapper::after { background-image: none; background-attachment: scroll; background-position: 0% 0%; background-repeat: repeat; background-size: auto; background-color: rgba(0, 143, 255, 0.06) !important; }:not(#tve) [data-css=\"tve-u-1778117a7b8\"].tcb-post-list [data-css=\"tve-u-1778117a7ca\"]:hover .tcb-button-link span { color: var(--tve-color, rgba(0, 0, 0, 0.85))   !important; --tve-applied-color:var$(--tve-color, rgba(0, 0, 0, 0.85))   !important; --tcb-applied-color:rgba(0, 0, 0, 0.85)   !important; }.tcb-post-list[data-css=\"tve-u-1778117a7b8\"] .post-wrapper.thrv_wrapper:not(:nth-child(n+4)) { margin-top: 0px !important; }.tcb-post-list[data-css=\"tve-u-1778117a7b8\"] .post-wrapper.thrv_wrapper:nth-child(3n) { margin-right: 0px !important; }[data-css=\"tve-u-1778117a7b8\"].tcb-post-list [data-css=\"tve-u-1778117a7be\"] { margin-top: 0px !important; margin-bottom: -30px !important; padding: 10px !important; z-index: 5 !important; }[data-css=\"tve-u-1778117a7b8\"].tcb-post-list [data-css=\"tve-u-1778117a7bf\"] { background-image: linear-gradient(rgba(0, 0, 0, 0.27) 0%, rgba(0, 0, 0, 0) 100%), url(\"\/\/demenz-und-du.de\/wp-content\/uploads\/tcb_content_templates\/post_list\/images\/online_course_smart_image_03-1-300x200.jpg?dynamic_featured=1&size=medium\") !important; background-size: auto, cover !important; background-position: 50% 50%, 50% 50% !important; background-attachment: scroll, scroll !important; background-repeat: no-repeat, no-repeat !important; }[data-css=\"tve-u-1778117a7b8\"].tcb-post-list .thrv-content-box [data-css=\"tve-u-1778117a7c0\"] { min-height: 158px !important; }[data-css=\"tve-u-1778117a7b8\"].tcb-post-list [data-css=\"tve-u-1778117a7c8\"] { padding: 0px !important; margin-bottom: 10px !important; }:not(#tve) [data-css=\"tve-u-1778117a7b8\"].tcb-post-list [data-css=\"tve-u-1778117a7c9\"] { padding-top: 0px !important; margin-top: 0px !important; padding-bottom: 0px !important; margin-bottom: 0px !important; font-size: 20px !important; }:not(#tve) [data-css=\"tve-u-1778117a7b8\"].tcb-post-list [data-css=\"tve-u-1778117a7ca\"]:hover { --tve-color:rgba(0, 0, 0, 0.85)   !important; --tve-applied---tve-color:rgba(0, 0, 0, 0.85)   !important; }:not(#tve) [data-css=\"tve-u-1778117a7b8\"].tcb-post-list [data-css=\"tve-u-17781182ce1\"]:hover { color: var(--tcb-color-2)   !important; --tcb-applied-color:var$(--tcb-color-2)   !important; --tve-applied-color:var$(--tcb-color-2)   !important; }[data-css=\"tve-u-177811a9087\"] { border-top: medium none; }:not(#tve) [data-css=\"tve-u-177811b05de\"]:hover .tcb-button-link { border: 1px solid var(--tcb-color-2)   !important; --tve-applied-border:1px solid var$(--tcb-color-2)   !important; }:not(#tve) [data-css=\"tve-u-177811b05de\"]:hover .tcb-button-link span { color: var(--tve-color, var(--tcb-color-2))   !important; --tve-applied-color:var$(--tve-color, var$(--tcb-color-2))   !important; --tcb-applied-color:var$(--tcb-color-2)   !important; }:not(#tve) [data-css=\"tve-u-177811b05de\"]:hover { --tve-color:var(--tcb-color-2)   !important; --tve-applied---tve-color:var$(--tcb-color-2)   !important; }:not(#tve) [data-css=\"tve-u-178563980f9\"] { padding-bottom: 20px !important; margin-bottom: 0px !important; }}@media (max-width: 1023px){.tcb-post-list[data-css=\"tve-u-1778117a7b8\"] .post-wrapper.thrv_wrapper { width: calc(50% - 10px); }.tcb-post-list[data-css=\"tve-u-1778117a7b8\"] .post-wrapper.thrv_wrapper:nth-child(n+3) { margin-top: 30px !important; }.tcb-post-list[data-css=\"tve-u-1778117a7b8\"] .post-wrapper.thrv_wrapper:not(:nth-child(2n)) { margin-right: 20px !important; }.tcb-post-list[data-css=\"tve-u-1778117a7b8\"] .post-wrapper.thrv_wrapper:not(:nth-child(n+3)) { margin-top: 0px !important; }.tcb-post-list[data-css=\"tve-u-1778117a7b8\"] .post-wrapper.thrv_wrapper:nth-child(2n) { margin-right: 0px !important; }}@media (max-width: 767px){.tcb-post-list[data-css=\"tve-u-1778117a7b8\"] .post-wrapper.thrv_wrapper { width: calc(100% + 0px); }.tcb-post-list[data-css=\"tve-u-1778117a7b8\"] .post-wrapper.thrv_wrapper:nth-child(n+2) { margin-top: 15px !important; }[data-css=\"tve-u-1778117a7b8\"].tcb-post-list .post-wrapper { min-width: 100%; }[data-css=\"tve-u-1778117a7b8\"].tcb-post-list [data-css=\"tve-u-1778117a7bc\"] { clip-path: url(\"#clip-mobile-bottom-d7654715c627e\"); -webkit-clip-path: url(\"#clip-mobile-bottom-d7654715c627e\");  }[data-css=\"tve-u-1778117a7b8\"].tcb-post-list [data-css=\"tve-u-1778117a7bb\"] { padding-left: 15px !important; padding-right: 15px !important; padding-top: 15px !important; }[data-css=\"tve-u-1778117a7b8\"].tcb-post-list [data-css=\"tve-u-1778117a7c7\"] { padding: 20px 15px !important; }.tcb-post-list[data-css=\"tve-u-1778117a7b8\"] .post-wrapper.thrv_wrapper:not(:nth-child(n+2)) { margin-top: 0px !important; }.tcb-post-list[data-css=\"tve-u-1778117a7b8\"] .post-wrapper.thrv_wrapper:nth-child(n) { margin-right: 0px !important; }.tcb-post-list[data-css=\"tve-u-1778117a7b8\"] .post-wrapper.thrv_wrapper:not(:nth-child(n)) { margin-right: 0px !important; }}","tve_user_custom_css":"","tve_globals":{"e":"1","font_cls":[]},"tcb2_ready":1,"tcb_editor_enabled":1,"tve_landing_page":"","_tve_header":"0","_tve_footer":"0"},"class_list":{"0":"post-645","1":"page","2":"type-page","3":"status-publish","4":"hentry","5":"post-wrapper","6":"thrv_wrapper","9":"thrive-animated-item"},"yoast_head":"<!-- This site is optimized with the Yoast SEO plugin v27.5 - https:\/\/yoast.com\/product\/yoast-seo-wordpress\/ -->\n<title>Schluss mit der \u00dcberforderung als Angeh\u00f6riger eines Demenzkranken!<\/title>\n<meta name=\"description\" content=\"Hier findest du leichte \u00dcbungen, mit denen du dich selbst &quot;programmieren&quot; und dein Denken und Handeln \u200ban diese schwere Situation anpassen kannst!\" \/>\n<meta name=\"robots\" content=\"index, follow, max-snippet:-1, max-image-preview:large, max-video-preview:-1\" \/>\n<link rel=\"canonical\" href=\"https:\/\/demenz-und-du.de\/demenz-hilfe-fuer-angehoerige\/demenz-angehoriger-uberforderung\/\" \/>\n<meta property=\"og:locale\" content=\"de_DE\" \/>\n<meta property=\"og:type\" content=\"article\" \/>\n<meta property=\"og:title\" content=\"Schluss mit der \u00dcberforderung als Angeh\u00f6riger eines Demenzkranken!\" \/>\n<meta property=\"og:description\" content=\"Hier findest du leichte \u00dcbungen, mit denen du dich selbst &quot;programmieren&quot; und dein Denken und Handeln \u200ban diese schwere Situation anpassen kannst!\" \/>\n<meta property=\"og:url\" content=\"https:\/\/demenz-und-du.de\/demenz-hilfe-fuer-angehoerige\/demenz-angehoriger-uberforderung\/\" \/>\n<meta property=\"og:site_name\" content=\"Demenz Hilfe f\u00fcr Angeh\u00f6rige\" \/>\n<meta property=\"article:publisher\" content=\"https:\/\/www.facebook.com\/profile.php?id=100090981488333\" \/>\n<meta property=\"article:modified_time\" content=\"2022-01-02T15:22:49+00:00\" \/>\n<meta name=\"twitter:card\" content=\"summary_large_image\" \/>\n<meta name=\"twitter:label1\" content=\"Gesch\u00e4tzte Lesezeit\" \/>\n\t<meta name=\"twitter:data1\" content=\"1\u00a0Minute\" \/>\n<script type=\"application\/ld+json\" class=\"yoast-schema-graph\">{\"@context\":\"https:\\\/\\\/schema.org\",\"@graph\":[{\"@type\":\"WebPage\",\"@id\":\"https:\\\/\\\/demenz-und-du.de\\\/demenz-hilfe-fuer-angehoerige\\\/demenz-angehoriger-uberforderung\\\/\",\"url\":\"https:\\\/\\\/demenz-und-du.de\\\/demenz-hilfe-fuer-angehoerige\\\/demenz-angehoriger-uberforderung\\\/\",\"name\":\"Schluss mit der \u00dcberforderung als Angeh\u00f6riger eines Demenzkranken!\",\"isPartOf\":{\"@id\":\"https:\\\/\\\/demenz-und-du.de\\\/demenz-hilfe-fuer-angehoerige\\\/#website\"},\"datePublished\":\"2021-04-01T06:36:00+00:00\",\"dateModified\":\"2022-01-02T15:22:49+00:00\",\"description\":\"Hier findest du leichte \u00dcbungen, mit denen du dich selbst \\\"programmieren\\\" und dein Denken und Handeln \u200ban diese schwere Situation anpassen kannst!\",\"breadcrumb\":{\"@id\":\"https:\\\/\\\/demenz-und-du.de\\\/demenz-hilfe-fuer-angehoerige\\\/demenz-angehoriger-uberforderung\\\/#breadcrumb\"},\"inLanguage\":\"de\",\"potentialAction\":[{\"@type\":\"ReadAction\",\"target\":[\"https:\\\/\\\/demenz-und-du.de\\\/demenz-hilfe-fuer-angehoerige\\\/demenz-angehoriger-uberforderung\\\/\"]}]},{\"@type\":\"BreadcrumbList\",\"@id\":\"https:\\\/\\\/demenz-und-du.de\\\/demenz-hilfe-fuer-angehoerige\\\/demenz-angehoriger-uberforderung\\\/#breadcrumb\",\"itemListElement\":[{\"@type\":\"ListItem\",\"position\":1,\"name\":\"Startseite\",\"item\":\"https:\\\/\\\/demenz-und-du.de\\\/demenz-hilfe-fuer-angehoerige\\\/\"},{\"@type\":\"ListItem\",\"position\":2,\"name\":\"Trainiere dein Denken!\"}]},{\"@type\":\"WebSite\",\"@id\":\"https:\\\/\\\/demenz-und-du.de\\\/demenz-hilfe-fuer-angehoerige\\\/#website\",\"url\":\"https:\\\/\\\/demenz-und-du.de\\\/demenz-hilfe-fuer-angehoerige\\\/\",\"name\":\"Demenz Hilfe f\u00fcr Angeh\u00f6rige\",\"description\":\"Wir helfen Angeh\u00f6rigen dabei mit ihren Demenzkranken klar zu kommen.\",\"publisher\":{\"@id\":\"https:\\\/\\\/demenz-und-du.de\\\/demenz-hilfe-fuer-angehoerige\\\/#organization\"},\"potentialAction\":[{\"@type\":\"SearchAction\",\"target\":{\"@type\":\"EntryPoint\",\"urlTemplate\":\"https:\\\/\\\/demenz-und-du.de\\\/demenz-hilfe-fuer-angehoerige\\\/?s={search_term_string}\"},\"query-input\":{\"@type\":\"PropertyValueSpecification\",\"valueRequired\":true,\"valueName\":\"search_term_string\"}}],\"inLanguage\":\"de\"},{\"@type\":\"Organization\",\"@id\":\"https:\\\/\\\/demenz-und-du.de\\\/demenz-hilfe-fuer-angehoerige\\\/#organization\",\"name\":\"Demenz Hilfe f\u00fcr Angeh\u00f6rige\",\"url\":\"https:\\\/\\\/demenz-und-du.de\\\/demenz-hilfe-fuer-angehoerige\\\/\",\"logo\":{\"@type\":\"ImageObject\",\"inLanguage\":\"de\",\"@id\":\"https:\\\/\\\/demenz-und-du.de\\\/demenz-hilfe-fuer-angehoerige\\\/#\\\/schema\\\/logo\\\/image\\\/\",\"url\":\"https:\\\/\\\/demenz-und-du.de\\\/wp-content\\\/uploads\\\/2022\\\/10\\\/400JpgdpiLogo-scaled.jpg\",\"contentUrl\":\"https:\\\/\\\/demenz-und-du.de\\\/wp-content\\\/uploads\\\/2022\\\/10\\\/400JpgdpiLogo-scaled.jpg\",\"width\":2560,\"height\":1546,\"caption\":\"Demenz Hilfe f\u00fcr Angeh\u00f6rige\"},\"image\":{\"@id\":\"https:\\\/\\\/demenz-und-du.de\\\/demenz-hilfe-fuer-angehoerige\\\/#\\\/schema\\\/logo\\\/image\\\/\"},\"sameAs\":[\"https:\\\/\\\/www.facebook.com\\\/profile.php?id=100090981488333\",\"https:\\\/\\\/www.youtube.com\\\/channel\\\/UCS7nClFtrPq-4eQFfAFzNyw\"]}]}<\/script>\n<!-- \/ Yoast SEO plugin. -->","yoast_head_json":{"title":"Schluss mit der \u00dcberforderung als Angeh\u00f6riger eines Demenzkranken!","description":"Hier findest du leichte \u00dcbungen, mit denen du dich selbst \"programmieren\" und dein Denken und Handeln \u200ban diese schwere Situation anpassen kannst!","robots":{"index":"index","follow":"follow","max-snippet":"max-snippet:-1","max-image-preview":"max-image-preview:large","max-video-preview":"max-video-preview:-1"},"canonical":"https:\/\/demenz-und-du.de\/demenz-hilfe-fuer-angehoerige\/demenz-angehoriger-uberforderung\/","og_locale":"de_DE","og_type":"article","og_title":"Schluss mit der \u00dcberforderung als Angeh\u00f6riger eines Demenzkranken!","og_description":"Hier findest du leichte \u00dcbungen, mit denen du dich selbst \"programmieren\" und dein Denken und Handeln \u200ban diese schwere Situation anpassen kannst!","og_url":"https:\/\/demenz-und-du.de\/demenz-hilfe-fuer-angehoerige\/demenz-angehoriger-uberforderung\/","og_site_name":"Demenz Hilfe f\u00fcr Angeh\u00f6rige","article_publisher":"https:\/\/www.facebook.com\/profile.php?id=100090981488333","article_modified_time":"2022-01-02T15:22:49+00:00","twitter_card":"summary_large_image","twitter_misc":{"Gesch\u00e4tzte Lesezeit":"1\u00a0Minute"},"schema":{"@context":"https:\/\/schema.org","@graph":[{"@type":"WebPage","@id":"https:\/\/demenz-und-du.de\/demenz-hilfe-fuer-angehoerige\/demenz-angehoriger-uberforderung\/","url":"https:\/\/demenz-und-du.de\/demenz-hilfe-fuer-angehoerige\/demenz-angehoriger-uberforderung\/","name":"Schluss mit der \u00dcberforderung als Angeh\u00f6riger eines Demenzkranken!","isPartOf":{"@id":"https:\/\/demenz-und-du.de\/demenz-hilfe-fuer-angehoerige\/#website"},"datePublished":"2021-04-01T06:36:00+00:00","dateModified":"2022-01-02T15:22:49+00:00","description":"Hier findest du leichte \u00dcbungen, mit denen du dich selbst \"programmieren\" und dein Denken und Handeln \u200ban diese schwere Situation anpassen kannst!","breadcrumb":{"@id":"https:\/\/demenz-und-du.de\/demenz-hilfe-fuer-angehoerige\/demenz-angehoriger-uberforderung\/#breadcrumb"},"inLanguage":"de","potentialAction":[{"@type":"ReadAction","target":["https:\/\/demenz-und-du.de\/demenz-hilfe-fuer-angehoerige\/demenz-angehoriger-uberforderung\/"]}]},{"@type":"BreadcrumbList","@id":"https:\/\/demenz-und-du.de\/demenz-hilfe-fuer-angehoerige\/demenz-angehoriger-uberforderung\/#breadcrumb","itemListElement":[{"@type":"ListItem","position":1,"name":"Startseite","item":"https:\/\/demenz-und-du.de\/demenz-hilfe-fuer-angehoerige\/"},{"@type":"ListItem","position":2,"name":"Trainiere dein Denken!"}]},{"@type":"WebSite","@id":"https:\/\/demenz-und-du.de\/demenz-hilfe-fuer-angehoerige\/#website","url":"https:\/\/demenz-und-du.de\/demenz-hilfe-fuer-angehoerige\/","name":"Demenz Hilfe f\u00fcr Angeh\u00f6rige","description":"Wir helfen Angeh\u00f6rigen dabei mit ihren Demenzkranken klar zu kommen.","publisher":{"@id":"https:\/\/demenz-und-du.de\/demenz-hilfe-fuer-angehoerige\/#organization"},"potentialAction":[{"@type":"SearchAction","target":{"@type":"EntryPoint","urlTemplate":"https:\/\/demenz-und-du.de\/demenz-hilfe-fuer-angehoerige\/?s={search_term_string}"},"query-input":{"@type":"PropertyValueSpecification","valueRequired":true,"valueName":"search_term_string"}}],"inLanguage":"de"},{"@type":"Organization","@id":"https:\/\/demenz-und-du.de\/demenz-hilfe-fuer-angehoerige\/#organization","name":"Demenz Hilfe f\u00fcr Angeh\u00f6rige","url":"https:\/\/demenz-und-du.de\/demenz-hilfe-fuer-angehoerige\/","logo":{"@type":"ImageObject","inLanguage":"de","@id":"https:\/\/demenz-und-du.de\/demenz-hilfe-fuer-angehoerige\/#\/schema\/logo\/image\/","url":"https:\/\/demenz-und-du.de\/wp-content\/uploads\/2022\/10\/400JpgdpiLogo-scaled.jpg","contentUrl":"https:\/\/demenz-und-du.de\/wp-content\/uploads\/2022\/10\/400JpgdpiLogo-scaled.jpg","width":2560,"height":1546,"caption":"Demenz Hilfe f\u00fcr Angeh\u00f6rige"},"image":{"@id":"https:\/\/demenz-und-du.de\/demenz-hilfe-fuer-angehoerige\/#\/schema\/logo\/image\/"},"sameAs":["https:\/\/www.facebook.com\/profile.php?id=100090981488333","https:\/\/www.youtube.com\/channel\/UCS7nClFtrPq-4eQFfAFzNyw"]}]}},"_links":{"self":[{"href":"https:\/\/demenz-und-du.de\/demenz-hilfe-fuer-angehoerige\/wp-json\/wp\/v2\/pages\/645","targetHints":{"allow":["GET"]}}],"collection":[{"href":"https:\/\/demenz-und-du.de\/demenz-hilfe-fuer-angehoerige\/wp-json\/wp\/v2\/pages"}],"about":[{"href":"https:\/\/demenz-und-du.de\/demenz-hilfe-fuer-angehoerige\/wp-json\/wp\/v2\/types\/page"}],"author":[{"embeddable":true,"href":"https:\/\/demenz-und-du.de\/demenz-hilfe-fuer-angehoerige\/wp-json\/wp\/v2\/users\/2"}],"replies":[{"embeddable":true,"href":"https:\/\/demenz-und-du.de\/demenz-hilfe-fuer-angehoerige\/wp-json\/wp\/v2\/comments?post=645"}],"version-history":[{"count":7,"href":"https:\/\/demenz-und-du.de\/demenz-hilfe-fuer-angehoerige\/wp-json\/wp\/v2\/pages\/645\/revisions"}],"predecessor-version":[{"id":2900,"href":"https:\/\/demenz-und-du.de\/demenz-hilfe-fuer-angehoerige\/wp-json\/wp\/v2\/pages\/645\/revisions\/2900"}],"wp:attachment":[{"href":"https:\/\/demenz-und-du.de\/demenz-hilfe-fuer-angehoerige\/wp-json\/wp\/v2\/media?parent=645"}],"curies":[{"name":"wp","href":"https:\/\/api.w.org\/{rel}","templated":true}]}}