{"id":212,"date":"2021-04-01T10:26:18","date_gmt":"2021-04-01T08:26:18","guid":{"rendered":"https:\/\/demenz-und-du.de\/?page_id=212"},"modified":"2021-04-01T19:16:24","modified_gmt":"2021-04-01T17:16:24","slug":"datentschutzerklaerung","status":"publish","type":"page","link":"https:\/\/demenz-und-du.de\/demenz-hilfe-fuer-angehoerige\/datentschutzerklaerung\/","title":{"rendered":"Datentschutzerkl\u00e4rung"},"content":{"rendered":"<h4>\u200b<span dir=\"ltr\">Datenschutzerkl\u00e4rung<\/span><\/h4>\n<h6><span dir=\"ltr\">1. Datenschutz auf einen Blick<\/span><\/h6>\n<p><strong><span dir=\"ltr\">Allgemeine Hinweise<\/span><\/strong><\/p>\n<p><span dir=\"ltr\">Die folgenden Hinweise geben einen einfachen \u00dcberblick dar\u00fcber, was mit Ihren personenbezogenen Daten&nbsp;<\/span><span dir=\"ltr\">passiert, wenn Sie diese Website besuchen. Personenbezogene Daten sind alle Daten, mit denen Sie<\/span><span dir=\"ltr\">&nbsp;pers\u00f6nlich identifiziert werden k\u00f6nnen. Ausf\u00fchrliche Informationen zum Thema Datenschutz entnehmen<\/span><span dir=\"ltr\">&nbsp;Sie unserer unter diesem Text aufgef\u00fchrten Datenschutzerkl\u00e4rung.<\/span><\/p>\n<p><strong><span dir=\"ltr\">Datenerfassung auf dieser Website<\/span><\/strong><\/p>\n<p><span dir=\"ltr\">Wer ist verantwortlich f\u00fcr die Datenerfassung auf dieser Website?<\/span><\/p>\n<p><span dir=\"ltr\">Die Datenverarbeitung auf dieser Website erfolgt durch den Websitebetreiber. Dessen Kontaktdaten<\/span><span dir=\"ltr\">k\u00f6nnen Sie dem Abschnitt \u201eHinweis zur Verantwortlichen Stelle\u201c in dieser Datenschutzerkl\u00e4rung<\/span><span dir=\"ltr\">&nbsp;entnehmen.<\/span><\/p>\n<p><strong><span dir=\"ltr\">Wie erfassen wir Ihre Daten?<\/span><\/strong><\/p>\n<p><span dir=\"ltr\">Ihre Daten werden zum einen dadurch erhoben, dass Sie uns diese mitteilen. Hierbei kann es sich z. B. um&nbsp;<\/span><span dir=\"ltr\">Daten handeln, die Sie in ein Kontaktformular eingeben.<\/span><span dir=\"ltr\">&nbsp;Andere Daten werden automatisch oder nach Ihrer Einwilligung beim Besuch der Website durch unsere IT-<\/span><span dir=\"ltr\">Systeme erfasst. Das sind vor allem technische Daten (z. B. Internetbrowser, Betriebssystem oder Uhrzeit<\/span><span dir=\"ltr\">des Seitenaufrufs). Die Erfassung dieser Daten erfolgt automatisch, sobald Sie diese Website betreten.<\/span><\/p>\n<p><strong><span dir=\"ltr\">Wof\u00fcr nutzen wir Ihre Daten?<\/span><\/strong><\/p>\n<p><span dir=\"ltr\">\u200b<\/span><span dir=\"ltr\">Ein Teil der Daten wird erhoben, um eine fehlerfreie Bereitstellung der Website zu gew\u00e4hrleisten. Andere&nbsp;<\/span><span dir=\"ltr\">Daten k\u00f6nnen zur Analyse Ihres Nutzerverhaltens verwendet werden.<\/span><\/p>\n<p><strong><span dir=\"ltr\">Welche Rechte haben Sie bez\u00fcglich Ihrer Daten?<\/span><\/strong><\/p>\n<p><span dir=\"ltr\">Sie haben jederzeit das Recht, unentgeltlich Auskunft \u00fcber Herkunft, Empf\u00e4nger und Zweck Ihrer<\/span><span dir=\"ltr\">&nbsp;gespeicherten personenbezogenen Daten zu erhalten. Sie haben au\u00dferdem ein Recht, die Berichtigung oder&nbsp;<\/span><span dir=\"ltr\">L\u00f6schung dieser Daten zu verlangen. Wenn Sie eine Einwilligung zur Datenverarbeitung erteilt haben,<\/span><span dir=\"ltr\">k\u00f6nnen Sie diese Einwilligung jederzeit f\u00fcr die Zukunft widerrufen. Au\u00dferdem haben Sie das Recht, unter<\/span><span dir=\"ltr\">bestimmten Umst\u00e4nden die Einschr\u00e4nkung der Verarbeitung Ihrer personenbezogenen Daten zu verlangen.<\/span><\/p>\n<p><span dir=\"ltr\">\u200b<\/span><span dir=\"ltr\">Des Weiteren steht Ihnen ein Beschwerderecht bei der zust\u00e4ndigen Aufsichtsbeh\u00f6rde zu.<\/span><span dir=\"ltr\">&nbsp;<\/span><\/p>\n<p><span dir=\"ltr\">Hierzu sowie zu weiteren Fragen zum Thema Datenschutz k\u00f6nnen Sie sich jederzeit an uns wenden.<\/span><span dir=\"ltr\">&nbsp;<\/span><\/p>\n<p><strong><span dir=\"ltr\">Analyse-Tools und Tools von Drittanbietern<\/span><\/strong><\/p>\n<p><span dir=\"ltr\">\u200b<\/span><span dir=\"ltr\">Beim Besuch dieser Website kann Ihr Surf-Verhalten statistisch ausgewertet werden. Das geschieht vor<\/span><span dir=\"ltr\">allem mit sogenannten Analyseprogrammen.<\/span><\/p>\n<p><span dir=\"ltr\">\u200b<\/span><span dir=\"ltr\">Detaillierte Informationen zu diesen Analyseprogrammen finden Sie in der folgenden<\/span><span dir=\"ltr\">Datenschutzerkl\u00e4rung.<\/span><\/p>\n<h6><span dir=\"ltr\">2. Hosting und Content Delivery Networks (CDN)<\/span><\/h6>\n<p><span dir=\"ltr\">\u200b<\/span><strong><span dir=\"ltr\">Externes Hosting<\/span><\/strong><\/p>\n<p><span dir=\"ltr\">Diese Website wird bei einem externen Dienstleister gehostet (Hoster). Die personenbezogenen Daten, die<\/span><span dir=\"ltr\">auf dieser Website erfasst werden, werden auf den Servern des Hosters gespeichert. Hierbei kann es sich v.<\/span><span dir=\"ltr\">a. um IP-Adressen, Kontaktanfragen, Meta- und Kommunikationsdaten, Vertragsdaten, Kontaktdaten,<\/span><span dir=\"ltr\">Namen, Websitezugriffe und sonstige Daten, die \u00fcber eine Website generiert werden, handeln.<\/span><\/p>\n<p><span dir=\"ltr\">\u200b<\/span><span dir=\"ltr\">Der Einsatz des Hosters erfolgt zum Zwecke der Vertragserf\u00fcllung gegen\u00fcber unseren potenziellen und&nbsp;<\/span><span dir=\"ltr\">bestehenden Kunden (Art. 6 Abs. 1 lit. b DSGVO) und im Interesse einer sicheren, schnellen und effizienten<\/span><span dir=\"ltr\">Bereitstellung unseres Online-Angebots durch einen professionellen Anbieter (Art. 6 Abs. 1 lit. f DSGVO).<\/span><\/p>\n<p><span dir=\"ltr\">\u200b<\/span><span dir=\"ltr\">Unser Hoster wird Ihre Daten nur insoweit verarbeiten, wie dies zur Erf\u00fcllung seiner Leistungspflichten&nbsp;<\/span><span dir=\"ltr\">erforderlich ist und unsere Weisungen in Bezug auf diese Daten befolgen.<\/span><span dir=\"ltr\">Wir setzen folgenden Hoster ein:<\/span><\/p>\n<p style=\"\"><span dir=\"ltr\">Neue Medien M\u00fcnnich<\/span><\/p>\n<p style=\"\"><span dir=\"ltr\">Inhaber Ren\u00e9 M\u00fcnnich<\/span><\/p>\n<p style=\"\"><span dir=\"ltr\">Hauptstra\u00dfe 68, D-02742 Friedersdorf<\/span><\/p>\n<p style=\"\"><span dir=\"ltr\">Ust-ID: DE212657916<\/span><\/p>\n<p style=\"\"><span dir=\"ltr\">Tel: +49 35872 35310<\/span><\/p>\n<p style=\"\"><span dir=\"ltr\">\u200b<\/span><span dir=\"ltr\">E-Mail: info@all-inkl.com<\/span><\/p>\n<p style=\"\"><span dir=\"ltr\">\u200b<\/span><span dir=\"ltr\">Web: www.all-inkl.com<\/span><\/p>\n<p style=\"\"><span dir=\"ltr\">\u200b<\/span><\/p>\n<p><strong><span dir=\"ltr\">Abschluss eines Vertrages \u00fcber Auftragsverarbeitung<\/span><\/strong><\/p>\n<p><span dir=\"ltr\">\u200b<\/span><span dir=\"ltr\">Um die datenschutzkonforme Verarbeitung zu gew\u00e4hrleisten, haben wir einen Vertrag \u00fcber<\/span><span dir=\"ltr\">Auftragsverarbeitung mit unserem Hoster geschlossen.<\/span><\/p>\n<h6 style=\"\"><span dir=\"ltr\">3. Allgemeine Hinweise und Pflichtinformationen<\/span><\/h6>\n<p style=\"\"><span dir=\"ltr\">\u200b<\/span><strong><span dir=\"ltr\">Datenschutz<\/span><\/strong><\/p>\n<p><span dir=\"ltr\">Die Betreiber dieser Seiten nehmen den Schutz Ihrer pers\u00f6nlichen Daten sehr ernst. Wir behandeln Ihre<\/span><span dir=\"ltr\">&nbsp;personenbezogenen Daten vertraulich und entsprechend der gesetzlichen Datenschutzvorschriften sowie<\/span><span dir=\"ltr\">&nbsp;dieser Datenschutzerkl\u00e4rung.<\/span><\/p>\n<p><span dir=\"ltr\">\u200b<\/span><span dir=\"ltr\">Wenn Sie diese Website benutzen, werden verschiedene personenbezogene Daten erhoben.&nbsp;<\/span><span dir=\"ltr\">Personenbezogene Daten sind Daten, mit denen Sie pers\u00f6nlich identifiziert werden k\u00f6nnen. Die vorliegende<\/span><span dir=\"ltr\">&nbsp;<\/span><span dir=\"ltr\">Datenschutzerkl\u00e4rung erl\u00e4utert, welche Daten wir erheben und wof\u00fcr wir sie nutzen. Sie erl\u00e4utert auch, wie&nbsp;<\/span><span dir=\"ltr\">und zu welchem Zweck das geschieht.&nbsp;<\/span><span dir=\"ltr\">Wir weisen darauf hin, dass die Daten\u00fcbertragung im Internet (z. B. bei der Kommunikation per E-Mail)<\/span><span dir=\"ltr\">&nbsp;Sicherheitsl\u00fccken aufweisen kann. <\/span><\/p>\n<p><span dir=\"ltr\">Ein l\u00fcckenloser Schutz der Daten vor dem Zugriff durch Dritte ist nicht<\/span><span dir=\"ltr\">m\u00f6glich.<\/span><span dir=\"ltr\">&nbsp;<\/span><\/p>\n<p><strong><span dir=\"ltr\">Hinweis zur verantwortlichen Stelle<\/span><\/strong><\/p>\n<p><span dir=\"ltr\">Die verantwortliche Stelle f\u00fcr die Datenverarbeitung auf dieser Website ist:<\/span><span dir=\"ltr\">&nbsp;<\/span><\/p>\n<p style=\"\"><span dir=\"ltr\">Michael Piplack<\/span><\/p>\n<p style=\"\"><span dir=\"ltr\">\u200b<\/span><span dir=\"ltr\">Stockflethweg 107<\/span><\/p>\n<p style=\"\"><span dir=\"ltr\">\u200b<\/span><span dir=\"ltr\">22417 Hamburg<\/span><\/p>\n<p style=\"\"><span dir=\"ltr\">Telefon: 040 59463576<\/span><\/p>\n<p style=\"\"><span dir=\"ltr\">\u200b<\/span><span dir=\"ltr\">E-Mail: michael@demenz-und-du.de<\/span><\/p>\n<p style=\"\"><span dir=\"ltr\">\u200b<\/span><\/p>\n<p><span dir=\"ltr\">Verantwortliche Stelle ist die nat\u00fcrliche oder juristische Person, die allein oder gemeinsam mit anderen \u00fcber<\/span><span dir=\"ltr\">die Zwecke und Mittel der Verarbeitung von personenbezogenen Daten (z. B. Namen, E-Mail-Adressen o. \u00c4.)&nbsp;<\/span><span dir=\"ltr\">entscheidet.<\/span><\/p>\n<p><strong><span dir=\"ltr\">Speicherdauer<\/span><\/strong><\/p>\n<p><span dir=\"ltr\">Soweit innerhalb dieser Datenschutzerkl\u00e4rung keine speziellere Speicherdauer genannt wurde, verbleiben&nbsp;<\/span><span dir=\"ltr\">Ihre personenbezogenen Daten bei uns, bis der Zweck f\u00fcr die Datenverarbeitung entf\u00e4llt. Wenn Sie ein&nbsp;<\/span><span dir=\"ltr\">berechtigtes L\u00f6schersuchen geltend machen oder eine Einwilligung zur Datenverarbeitung widerrufen,<\/span><span dir=\"ltr\">&nbsp;werden Ihre Daten gel\u00f6scht, sofern wir keine anderen rechtlich zul\u00e4ssigen Gr\u00fcnde f\u00fcr die Speicherung Ihrer&nbsp;<\/span><span dir=\"ltr\">personenbezogenen Daten haben (z.B. steuer- oder handelsrechtliche Aufbewahrungsfristen); im&nbsp;<\/span><span dir=\"ltr\">letztgenannten Fall erfolgt die L\u00f6schung nach Fortfall dieser Gr\u00fcnde.<\/span><\/p>\n<p><strong><span dir=\"ltr\">Widerruf Ihrer Einwilligung zur Datenverarbeitung<\/span><\/strong><\/p>\n<p><span dir=\"ltr\">Viele Datenverarbeitungsvorg\u00e4nge sind nur mit Ihrer ausdr\u00fccklichen Einwilligung m\u00f6glich. Sie k\u00f6nnen eine<\/span><span dir=\"ltr\">&nbsp;bereits erteilte Einwilligung jederzeit widerrufen. Die Rechtm\u00e4\u00dfigkeit der bis zum Widerruf erfolgten&nbsp;<\/span><span dir=\"ltr\">Datenverarbeitung bleibt vom Widerruf unber\u00fchrt.<\/span><\/p>\n<p><strong><span dir=\"ltr\">Widerspruchsrecht gegen die Datenerhebung in besonderen F\u00e4llen sowie gegen<\/span><span dir=\"ltr\">Direktwerbung (Art. 21 DSGVO)<\/span><\/strong><\/p>\n<p><span dir=\"ltr\">\u200b<\/span><span dir=\"ltr\">WENN DIE DATENVERARBEITUNG AUF GRUNDLAGE VON ART. 6 ABS. 1 LIT. E ODER F DSGVO&nbsp;<\/span><span dir=\"ltr\">ERFOLGT, HABEN SIE JEDERZEIT DAS RECHT, AUS GR\u00dcNDEN, DIE SICH AUS IHRER BESONDEREN<\/span><span dir=\"ltr\">&nbsp;SITUATION ERGEBEN, GEGEN DIE VERARBEITUNG IHRER PERSONENBEZOGENEN DATEN<\/span><span dir=\"ltr\">WIDERSPRUCH EINZULEGEN; DIES GILT AUCH F\u00dcR EIN AUF DIESE BESTIMMUNGEN GEST\u00dcTZTES<\/span><span dir=\"ltr\">&nbsp;PROFILING. DIE JEWEILIGE RECHTSGRUNDLAGE, AUF DENEN EINE VERARBEITUNG BERUHT,&nbsp;<\/span><span dir=\"ltr\">ENTNEHMEN SIE DIESER DATENSCHUTZERKL\u00c4RUNG. <\/span><\/p>\n<p><span dir=\"ltr\">WENN SIE WIDERSPRUCH EINLEGEN,<\/span><span dir=\"ltr\">&nbsp;WERDEN WIR IHRE BETROFFENEN PERSONENBEZOGENEN DATEN NICHT MEHR VERARBEITEN, ES&nbsp;<\/span><span dir=\"ltr\">SEI DENN, WIR K\u00d6NNEN ZWINGENDE SCHUTZW\u00dcRDIGE GR\u00dcNDE F\u00dcR DIE VERARBEITUNG&nbsp;<\/span><span dir=\"ltr\">NACHWEISEN, DIE IHRE INTERESSEN, RECHTE UND FREIHEITEN \u00dcBERWIEGEN ODER DIE<\/span><span dir=\"ltr\">&nbsp;VERARBEITUNG DIENT DER GELTENDMACHUNG, AUS\u00dcBUNG ODER VERTEIDIGUNG VON<\/span><span dir=\"ltr\">&nbsp;RECHTSANSPR\u00dcCHEN (WIDERSPRUCH NACH ART. 21 ABS. 1 DSGVO).<\/span><\/p>\n<p><span dir=\"ltr\">WERDEN IHRE PERSONENBEZOGENEN DATEN VERARBEITET, UM DIREKTWERBUNG ZU BETREIBEN,<\/span><span dir=\"ltr\">SO HABEN SIE DAS RECHT, JEDERZEIT WIDERSPRUCH GEGEN DIE VERARBEITUNG SIE<\/span><span dir=\"ltr\">&nbsp;<\/span><span dir=\"ltr\">BETREFFENDER PERSONENBEZOGENER DATEN ZUM ZWECKE DERARTIGER WERBUNG&nbsp;<\/span><span dir=\"ltr\">EINZULEGEN; DIES GILT AUCH F\u00dcR DAS PROFILING, SOWEIT ES MIT SOLCHER DIREKTWERBUNG IN<\/span><span dir=\"ltr\">&nbsp;VERBINDUNG STEHT. <\/span><\/p>\n<p><span dir=\"ltr\">WENN SIE WIDERSPRECHEN, WERDEN IHRE PERSONENBEZOGENEN DATEN&nbsp;<\/span><span dir=\"ltr\">ANSCHLIESSEND NICHT MEHR ZUM ZWECKE DER DIREKTWERBUNG VERWENDET (WIDERSPRUCH<\/span><span dir=\"ltr\">NACH ART. 21 ABS. 2 DSGVO).<\/span><\/p>\n<p><span dir=\"ltr\">\u200b<\/span><strong><span dir=\"ltr\">Beschwerderecht bei der zust\u00e4ndigen Aufsichtsbeh\u00f6rde<\/span><\/strong><\/p>\n<p><span dir=\"ltr\">\u200b<\/span><span dir=\"ltr\">Im Falle von Verst\u00f6\u00dfen gegen die DSGVO steht den Betroffenen ein Beschwerderecht bei einer<\/span><span dir=\"ltr\">Aufsichtsbeh\u00f6rde, insbesondere in dem Mitgliedstaat ihres gew\u00f6hnlichen Aufenthalts, ihres Arbeitsplatzes<\/span><span dir=\"ltr\">&nbsp;oder des Orts des mutma\u00dflichen Versto\u00dfes zu.&nbsp;<\/span><\/p>\n<p><span dir=\"ltr\">Das Beschwerderecht besteht unbeschadet anderweitiger&nbsp;<\/span><span dir=\"ltr\">verwaltungsrechtlicher oder gerichtlicher Rechtsbehelfe.<\/span><span dir=\"ltr\">&nbsp;<\/span><\/p>\n<p><strong><span dir=\"ltr\">Recht auf Daten\u00fcbertragbarkeit<\/span><\/strong><\/p>\n<p><span dir=\"ltr\">\u200b<\/span><span dir=\"ltr\">Sie haben das Recht, Daten, die wir auf Grundlage Ihrer Einwilligung oder in Erf\u00fcllung eines Vertrags<\/span><span dir=\"ltr\">&nbsp;automatisiert verarbeiten, an sich oder an einen Dritten in einem g\u00e4ngigen, maschinenlesbaren Format<\/span><span dir=\"ltr\">aush\u00e4ndigen zu lassen. Sofern Sie die direkte \u00dcbertragung der Daten an einen anderen Verantwortlichen&nbsp;<\/span><span dir=\"ltr\">verlangen, erfolgt dies nur, soweit es technisch machbar ist.<\/span><\/p>\n<p><span dir=\"ltr\">\u200b<\/span><strong><span dir=\"ltr\">SSL- bzw. TLS-Verschl\u00fcsselung<\/span><\/strong><\/p>\n<p><span dir=\"ltr\">Diese Seite nutzt aus Sicherheitsgr\u00fcnden und zum Schutz der \u00dcbertragung vertraulicher Inhalte, wie zum<\/span><span dir=\"ltr\">Beispiel Bestellungen oder Anfragen, die Sie an uns als Seitenbetreiber senden, eine SSL- bzw. TLS-<\/span><span dir=\"ltr\">Verschl\u00fcsselung. Eine verschl\u00fcsselte Verbindung erkennen Sie daran, dass die Adresszeile des Browsers von<\/span><span dir=\"ltr\">\u201ehttp:\/\/\u201c auf \u201ehttps:\/\/\u201c wechselt und an dem Schloss-Symbol in Ihrer Browserzeile.<\/span><\/p>\n<p><span dir=\"ltr\">Wenn die SSL- bzw. TLS-Verschl\u00fcsselung aktiviert ist, k\u00f6nnen die Daten, die Sie an uns \u00fcbermitteln, nicht<\/span><span dir=\"ltr\">&nbsp;von Dritten mitgelesen werden.<\/span><\/p>\n<p><strong><span dir=\"ltr\">Auskunft, L\u00f6schung und Berichtigung<\/span><\/strong><\/p>\n<p><span dir=\"ltr\">Sie haben im Rahmen der geltenden gesetzlichen Bestimmungen jederzeit das Recht auf unentgeltliche<\/span><span dir=\"ltr\">&nbsp;Auskunft \u00fcber Ihre gespeicherten personenbezogenen Daten, deren Herkunft und Empf\u00e4nger und den&nbsp;<\/span><span dir=\"ltr\">Zweck der Datenverarbeitung und ggf. ein Recht auf Berichtigung oder L\u00f6schung dieser Daten. <\/span><\/p>\n<p><span dir=\"ltr\">Hierzu sowie&nbsp;<\/span><span dir=\"ltr\">zu weiteren Fragen zum Thema personenbezogene Daten k\u00f6nnen Sie sich jederzeit an uns wenden.<\/span><\/p>\n<p><strong><span dir=\"ltr\">Recht auf Einschr\u00e4nkung der Verarbeitung<\/span><\/strong><\/p>\n<p><span dir=\"ltr\">Sie haben das Recht, die Einschr\u00e4nkung der Verarbeitung Ihrer personenbezogenen Daten zu verlangen.&nbsp;<\/span><span dir=\"ltr\">Hierzu k\u00f6nnen Sie sich jederzeit an uns wenden. Das Recht auf Einschr\u00e4nkung der Verarbeitung besteht in<\/span><span dir=\"ltr\">folgenden F\u00e4llen:<\/span><span dir=\"ltr\">&nbsp;Wenn Sie die Richtigkeit Ihrer bei uns gespeicherten personenbezogenen Daten bestreiten, ben\u00f6tigen wir&nbsp;<\/span><span dir=\"ltr\">in der Regel Zeit, um dies zu \u00fcberpr\u00fcfen. F\u00fcr die Dauer der Pr\u00fcfung haben Sie das Recht, die&nbsp;<\/span><span dir=\"ltr\">Einschr\u00e4nkung der Verarbeitung Ihrer personenbezogenen Daten zu verlangen.<\/span><\/p>\n<p><span dir=\"ltr\">Wenn die Verarbeitung Ihrer personenbezogenen Daten unrechtm\u00e4\u00dfig geschah\/geschieht, k\u00f6nnen Sie<\/span><span dir=\"ltr\">&nbsp;statt der L\u00f6schung die Einschr\u00e4nkung der Datenverarbeitung verlangen.<\/span><\/p>\n<p><span dir=\"ltr\">Wenn wir Ihre personenbezogenen Daten nicht mehr ben\u00f6tigen, Sie sie jedoch zur Aus\u00fcbung,<\/span><span dir=\"ltr\">Verteidigung oder Geltendmachung von Rechtsanspr\u00fcchen ben\u00f6tigen, haben Sie das Recht, statt der&nbsp;<\/span><span dir=\"ltr\">L\u00f6schung die Einschr\u00e4nkung der Verarbeitung Ihrer personenbezogenen Daten zu verlangen.<\/span><span dir=\"ltr\">&nbsp;Wenn Sie einen Widerspruch nach Art. 21 Abs. 1 DSGVO eingelegt haben, muss eine Abw\u00e4gung zwischen<\/span><span dir=\"ltr\">&nbsp;Ihren und unseren Interessen vorgenommen werden. <\/span><\/p>\n<p><span dir=\"ltr\">Solange noch nicht feststeht, wessen Interessen&nbsp;<\/span><span dir=\"ltr\">\u00fcberwiegen, haben Sie das Recht, die Einschr\u00e4nkung der Verarbeitung Ihrer personenbezogenen Daten<\/span><span dir=\"ltr\">&nbsp;<\/span><span dir=\"ltr\">zu verlangen.<\/span><\/p>\n<p><span dir=\"ltr\">Wenn Sie die Verarbeitung Ihrer personenbezogenen Daten eingeschr\u00e4nkt haben, d\u00fcrfen diese Daten \u2013 von&nbsp;<\/span><span dir=\"ltr\">ihrer Speicherung abgesehen \u2013 nur mit Ihrer Einwilligung oder zur Geltendmachung, Aus\u00fcbung oder<\/span><span dir=\"ltr\">Verteidigung von Rechtsanspr\u00fcchen oder zum Schutz der Rechte einer anderen nat\u00fcrlichen oder&nbsp;<\/span><span dir=\"ltr\">juristischen Person oder aus Gr\u00fcnden eines wichtigen \u00f6ffentlichen Interesses der Europ\u00e4ischen Union oder&nbsp;<\/span><span dir=\"ltr\">eines Mitgliedstaats verarbeitet werden.<\/span><\/p>\n<p><strong><span dir=\"ltr\">Widerspruch gegen Werbe-E-Mails<\/span><\/strong><\/p>\n<p><span dir=\"ltr\">Der Nutzung von im Rahmen der Impressumspflicht ver\u00f6ffentlichten Kontaktdaten zur \u00dcbersendung von&nbsp;<\/span><span dir=\"ltr\">nicht ausdr\u00fccklich angeforderter Werbung und Informationsmaterialien wird hiermit widersprochen. Die&nbsp;<\/span><span dir=\"ltr\">Betreiber der Seiten behalten sich ausdr\u00fccklich rechtliche Schritte im Falle der unverlangten Zusendung von<\/span><span dir=\"ltr\">&nbsp;Werbeinformationen, etwa durch Spam-E-Mails, vor.<\/span><\/p>\n<h6><span dir=\"ltr\">4. Datenerfassung auf dieser Website<\/span><\/h6>\n<p><strong><span dir=\"ltr\">Anfrage per E-Mail, Telefon oder Telefax<\/span><\/strong><\/p>\n<p><span dir=\"ltr\">Wenn Sie uns per E-Mail, Telefon oder Telefax kontaktieren, wird Ihre Anfrage inklusive aller daraus<\/span><span dir=\"ltr\">&nbsp;hervorgehenden personenbezogenen Daten (Name, Anfrage) zum Zwecke der Bearbeitung Ihres Anliegens<\/span><span dir=\"ltr\">&nbsp;bei uns gespeichert und verarbeitet. Diese Daten geben wir nicht ohne Ihre Einwilligung weiter.<\/span><\/p>\n<p><span dir=\"ltr\">Die Verarbeitung dieser Daten erfolgt auf Grundlage von Art. 6 Abs. 1 lit. b DSGVO, sofern Ihre Anfrage mit&nbsp;<\/span><span dir=\"ltr\">der Erf\u00fcllung eines Vertrags zusammenh\u00e4ngt oder zur Durchf\u00fchrung vorvertraglicher Ma\u00dfnahmen<\/span><span dir=\"ltr\">&nbsp;erforderlich ist.<\/span><\/p>\n<p><span dir=\"ltr\">In allen \u00fcbrigen F\u00e4llen beruht die Verarbeitung auf unserem berechtigten Interesse an der<\/span><span dir=\"ltr\">&nbsp;effektiven Bearbeitung der an uns gerichteten Anfragen (Art. 6 Abs. 1 lit. f DSGVO) oder auf Ihrer<\/span><span dir=\"ltr\">Einwilligung (Art. 6 Abs. 1 lit. a DSGVO) sofern diese abgefragt wurde.<\/span><\/p>\n<p><span dir=\"ltr\">Die von Ihnen an uns per Kontaktanfragen \u00fcbersandten Daten verbleiben bei uns, bis Sie uns zur L\u00f6schung&nbsp;<\/span><span dir=\"ltr\">auffordern, Ihre Einwilligung zur Speicherung widerrufen oder der Zweck f\u00fcr die Datenspeicherung entf\u00e4llt&nbsp;<\/span><span dir=\"ltr\">(z. B. nach abgeschlossener Bearbeitung Ihres Anliegens). Zwingende gesetzliche Bestimmungen \u2013<\/span><span dir=\"ltr\">insbesondere gesetzliche Aufbewahrungsfristen \u2013 bleiben unber\u00fc<\/span>hrt.<\/p>\n","protected":false},"excerpt":{"rendered":"<p>\u200bDatenschutzerkl\u00e4rung 1. Datenschutz auf einen Blick Allgemeine Hinweise Die folgenden Hinweise geben einen einfachen \u00dcberblick dar\u00fcber, was mit Ihren personenbezogenen Daten&nbsp;passiert, wenn Sie diese Website besuchen. Personenbezogene Daten sind alle Daten, mit denen Sie&nbsp;pers\u00f6nlich identifiziert werden k\u00f6nnen. Ausf\u00fchrliche Informationen zum Thema Datenschutz entnehmen&nbsp;Sie unserer unter diesem Text aufgef\u00fchrten Datenschutzerkl\u00e4rung. Datenerfassung auf dieser Website Wer ist [&hellip;]<\/p>\n","protected":false},"author":2,"featured_media":0,"parent":0,"menu_order":29,"comment_status":"closed","ping_status":"closed","template":"","meta":{"_monsterinsights_skip_tracking":false,"_monsterinsights_sitenote_active":false,"_monsterinsights_sitenote_note":"","_monsterinsights_sitenote_category":0,"footnotes":""},"class_list":["post-212","page","type-page","status-publish","hentry","post-wrapper","thrv_wrapper"],"yoast_head":"<!-- This site is optimized with the Yoast SEO plugin v27.5 - https:\/\/yoast.com\/product\/yoast-seo-wordpress\/ -->\n<title>Datentschutzerkl\u00e4rung - Demenz Hilfe f\u00fcr Angeh\u00f6rige<\/title>\n<meta name=\"robots\" content=\"index, follow, max-snippet:-1, max-image-preview:large, max-video-preview:-1\" \/>\n<link rel=\"canonical\" href=\"https:\/\/demenz-und-du.de\/demenz-hilfe-fuer-angehoerige\/datentschutzerklaerung\/\" \/>\n<meta property=\"og:locale\" content=\"de_DE\" \/>\n<meta property=\"og:type\" content=\"article\" \/>\n<meta property=\"og:title\" content=\"Datentschutzerkl\u00e4rung - Demenz Hilfe f\u00fcr Angeh\u00f6rige\" \/>\n<meta property=\"og:description\" content=\"\u200bDatenschutzerkl\u00e4rung 1. Datenschutz auf einen Blick Allgemeine Hinweise Die folgenden Hinweise geben einen einfachen \u00dcberblick dar\u00fcber, was mit Ihren personenbezogenen Daten&nbsp;passiert, wenn Sie diese Website besuchen. Personenbezogene Daten sind alle Daten, mit denen Sie&nbsp;pers\u00f6nlich identifiziert werden k\u00f6nnen. Ausf\u00fchrliche Informationen zum Thema Datenschutz entnehmen&nbsp;Sie unserer unter diesem Text aufgef\u00fchrten Datenschutzerkl\u00e4rung. Datenerfassung auf dieser Website Wer ist [&hellip;]\" \/>\n<meta property=\"og:url\" content=\"https:\/\/demenz-und-du.de\/demenz-hilfe-fuer-angehoerige\/datentschutzerklaerung\/\" \/>\n<meta property=\"og:site_name\" content=\"Demenz Hilfe f\u00fcr Angeh\u00f6rige\" \/>\n<meta property=\"article:publisher\" content=\"https:\/\/www.facebook.com\/profile.php?id=100090981488333\" \/>\n<meta property=\"article:modified_time\" content=\"2021-04-01T17:16:24+00:00\" \/>\n<meta name=\"twitter:card\" content=\"summary_large_image\" \/>\n<meta name=\"twitter:label1\" content=\"Gesch\u00e4tzte Lesezeit\" \/>\n\t<meta name=\"twitter:data1\" content=\"1\u00a0Minute\" \/>\n<script type=\"application\/ld+json\" class=\"yoast-schema-graph\">{\"@context\":\"https:\\\/\\\/schema.org\",\"@graph\":[{\"@type\":\"WebPage\",\"@id\":\"https:\\\/\\\/demenz-und-du.de\\\/demenz-hilfe-fuer-angehoerige\\\/datentschutzerklaerung\\\/\",\"url\":\"https:\\\/\\\/demenz-und-du.de\\\/demenz-hilfe-fuer-angehoerige\\\/datentschutzerklaerung\\\/\",\"name\":\"Datentschutzerkl\u00e4rung - Demenz Hilfe f\u00fcr Angeh\u00f6rige\",\"isPartOf\":{\"@id\":\"https:\\\/\\\/demenz-und-du.de\\\/demenz-hilfe-fuer-angehoerige\\\/#website\"},\"datePublished\":\"2021-04-01T08:26:18+00:00\",\"dateModified\":\"2021-04-01T17:16:24+00:00\",\"breadcrumb\":{\"@id\":\"https:\\\/\\\/demenz-und-du.de\\\/demenz-hilfe-fuer-angehoerige\\\/datentschutzerklaerung\\\/#breadcrumb\"},\"inLanguage\":\"de\",\"potentialAction\":[{\"@type\":\"ReadAction\",\"target\":[\"https:\\\/\\\/demenz-und-du.de\\\/demenz-hilfe-fuer-angehoerige\\\/datentschutzerklaerung\\\/\"]}]},{\"@type\":\"BreadcrumbList\",\"@id\":\"https:\\\/\\\/demenz-und-du.de\\\/demenz-hilfe-fuer-angehoerige\\\/datentschutzerklaerung\\\/#breadcrumb\",\"itemListElement\":[{\"@type\":\"ListItem\",\"position\":1,\"name\":\"Startseite\",\"item\":\"https:\\\/\\\/demenz-und-du.de\\\/demenz-hilfe-fuer-angehoerige\\\/\"},{\"@type\":\"ListItem\",\"position\":2,\"name\":\"Datentschutzerkl\u00e4rung\"}]},{\"@type\":\"WebSite\",\"@id\":\"https:\\\/\\\/demenz-und-du.de\\\/demenz-hilfe-fuer-angehoerige\\\/#website\",\"url\":\"https:\\\/\\\/demenz-und-du.de\\\/demenz-hilfe-fuer-angehoerige\\\/\",\"name\":\"Demenz Hilfe f\u00fcr Angeh\u00f6rige\",\"description\":\"Wir helfen Angeh\u00f6rigen dabei mit ihren Demenzkranken klar zu kommen.\",\"publisher\":{\"@id\":\"https:\\\/\\\/demenz-und-du.de\\\/demenz-hilfe-fuer-angehoerige\\\/#organization\"},\"potentialAction\":[{\"@type\":\"SearchAction\",\"target\":{\"@type\":\"EntryPoint\",\"urlTemplate\":\"https:\\\/\\\/demenz-und-du.de\\\/demenz-hilfe-fuer-angehoerige\\\/?s={search_term_string}\"},\"query-input\":{\"@type\":\"PropertyValueSpecification\",\"valueRequired\":true,\"valueName\":\"search_term_string\"}}],\"inLanguage\":\"de\"},{\"@type\":\"Organization\",\"@id\":\"https:\\\/\\\/demenz-und-du.de\\\/demenz-hilfe-fuer-angehoerige\\\/#organization\",\"name\":\"Demenz Hilfe f\u00fcr Angeh\u00f6rige\",\"url\":\"https:\\\/\\\/demenz-und-du.de\\\/demenz-hilfe-fuer-angehoerige\\\/\",\"logo\":{\"@type\":\"ImageObject\",\"inLanguage\":\"de\",\"@id\":\"https:\\\/\\\/demenz-und-du.de\\\/demenz-hilfe-fuer-angehoerige\\\/#\\\/schema\\\/logo\\\/image\\\/\",\"url\":\"https:\\\/\\\/demenz-und-du.de\\\/wp-content\\\/uploads\\\/2022\\\/10\\\/400JpgdpiLogo-scaled.jpg\",\"contentUrl\":\"https:\\\/\\\/demenz-und-du.de\\\/wp-content\\\/uploads\\\/2022\\\/10\\\/400JpgdpiLogo-scaled.jpg\",\"width\":2560,\"height\":1546,\"caption\":\"Demenz Hilfe f\u00fcr Angeh\u00f6rige\"},\"image\":{\"@id\":\"https:\\\/\\\/demenz-und-du.de\\\/demenz-hilfe-fuer-angehoerige\\\/#\\\/schema\\\/logo\\\/image\\\/\"},\"sameAs\":[\"https:\\\/\\\/www.facebook.com\\\/profile.php?id=100090981488333\",\"https:\\\/\\\/www.youtube.com\\\/channel\\\/UCS7nClFtrPq-4eQFfAFzNyw\"]}]}<\/script>\n<!-- \/ Yoast SEO plugin. -->","yoast_head_json":{"title":"Datentschutzerkl\u00e4rung - Demenz Hilfe f\u00fcr Angeh\u00f6rige","robots":{"index":"index","follow":"follow","max-snippet":"max-snippet:-1","max-image-preview":"max-image-preview:large","max-video-preview":"max-video-preview:-1"},"canonical":"https:\/\/demenz-und-du.de\/demenz-hilfe-fuer-angehoerige\/datentschutzerklaerung\/","og_locale":"de_DE","og_type":"article","og_title":"Datentschutzerkl\u00e4rung - Demenz Hilfe f\u00fcr Angeh\u00f6rige","og_description":"\u200bDatenschutzerkl\u00e4rung 1. Datenschutz auf einen Blick Allgemeine Hinweise Die folgenden Hinweise geben einen einfachen \u00dcberblick dar\u00fcber, was mit Ihren personenbezogenen Daten&nbsp;passiert, wenn Sie diese Website besuchen. Personenbezogene Daten sind alle Daten, mit denen Sie&nbsp;pers\u00f6nlich identifiziert werden k\u00f6nnen. Ausf\u00fchrliche Informationen zum Thema Datenschutz entnehmen&nbsp;Sie unserer unter diesem Text aufgef\u00fchrten Datenschutzerkl\u00e4rung. Datenerfassung auf dieser Website Wer ist [&hellip;]","og_url":"https:\/\/demenz-und-du.de\/demenz-hilfe-fuer-angehoerige\/datentschutzerklaerung\/","og_site_name":"Demenz Hilfe f\u00fcr Angeh\u00f6rige","article_publisher":"https:\/\/www.facebook.com\/profile.php?id=100090981488333","article_modified_time":"2021-04-01T17:16:24+00:00","twitter_card":"summary_large_image","twitter_misc":{"Gesch\u00e4tzte Lesezeit":"1\u00a0Minute"},"schema":{"@context":"https:\/\/schema.org","@graph":[{"@type":"WebPage","@id":"https:\/\/demenz-und-du.de\/demenz-hilfe-fuer-angehoerige\/datentschutzerklaerung\/","url":"https:\/\/demenz-und-du.de\/demenz-hilfe-fuer-angehoerige\/datentschutzerklaerung\/","name":"Datentschutzerkl\u00e4rung - Demenz Hilfe f\u00fcr Angeh\u00f6rige","isPartOf":{"@id":"https:\/\/demenz-und-du.de\/demenz-hilfe-fuer-angehoerige\/#website"},"datePublished":"2021-04-01T08:26:18+00:00","dateModified":"2021-04-01T17:16:24+00:00","breadcrumb":{"@id":"https:\/\/demenz-und-du.de\/demenz-hilfe-fuer-angehoerige\/datentschutzerklaerung\/#breadcrumb"},"inLanguage":"de","potentialAction":[{"@type":"ReadAction","target":["https:\/\/demenz-und-du.de\/demenz-hilfe-fuer-angehoerige\/datentschutzerklaerung\/"]}]},{"@type":"BreadcrumbList","@id":"https:\/\/demenz-und-du.de\/demenz-hilfe-fuer-angehoerige\/datentschutzerklaerung\/#breadcrumb","itemListElement":[{"@type":"ListItem","position":1,"name":"Startseite","item":"https:\/\/demenz-und-du.de\/demenz-hilfe-fuer-angehoerige\/"},{"@type":"ListItem","position":2,"name":"Datentschutzerkl\u00e4rung"}]},{"@type":"WebSite","@id":"https:\/\/demenz-und-du.de\/demenz-hilfe-fuer-angehoerige\/#website","url":"https:\/\/demenz-und-du.de\/demenz-hilfe-fuer-angehoerige\/","name":"Demenz Hilfe f\u00fcr Angeh\u00f6rige","description":"Wir helfen Angeh\u00f6rigen dabei mit ihren Demenzkranken klar zu kommen.","publisher":{"@id":"https:\/\/demenz-und-du.de\/demenz-hilfe-fuer-angehoerige\/#organization"},"potentialAction":[{"@type":"SearchAction","target":{"@type":"EntryPoint","urlTemplate":"https:\/\/demenz-und-du.de\/demenz-hilfe-fuer-angehoerige\/?s={search_term_string}"},"query-input":{"@type":"PropertyValueSpecification","valueRequired":true,"valueName":"search_term_string"}}],"inLanguage":"de"},{"@type":"Organization","@id":"https:\/\/demenz-und-du.de\/demenz-hilfe-fuer-angehoerige\/#organization","name":"Demenz Hilfe f\u00fcr Angeh\u00f6rige","url":"https:\/\/demenz-und-du.de\/demenz-hilfe-fuer-angehoerige\/","logo":{"@type":"ImageObject","inLanguage":"de","@id":"https:\/\/demenz-und-du.de\/demenz-hilfe-fuer-angehoerige\/#\/schema\/logo\/image\/","url":"https:\/\/demenz-und-du.de\/wp-content\/uploads\/2022\/10\/400JpgdpiLogo-scaled.jpg","contentUrl":"https:\/\/demenz-und-du.de\/wp-content\/uploads\/2022\/10\/400JpgdpiLogo-scaled.jpg","width":2560,"height":1546,"caption":"Demenz Hilfe f\u00fcr Angeh\u00f6rige"},"image":{"@id":"https:\/\/demenz-und-du.de\/demenz-hilfe-fuer-angehoerige\/#\/schema\/logo\/image\/"},"sameAs":["https:\/\/www.facebook.com\/profile.php?id=100090981488333","https:\/\/www.youtube.com\/channel\/UCS7nClFtrPq-4eQFfAFzNyw"]}]}},"_links":{"self":[{"href":"https:\/\/demenz-und-du.de\/demenz-hilfe-fuer-angehoerige\/wp-json\/wp\/v2\/pages\/212","targetHints":{"allow":["GET"]}}],"collection":[{"href":"https:\/\/demenz-und-du.de\/demenz-hilfe-fuer-angehoerige\/wp-json\/wp\/v2\/pages"}],"about":[{"href":"https:\/\/demenz-und-du.de\/demenz-hilfe-fuer-angehoerige\/wp-json\/wp\/v2\/types\/page"}],"author":[{"embeddable":true,"href":"https:\/\/demenz-und-du.de\/demenz-hilfe-fuer-angehoerige\/wp-json\/wp\/v2\/users\/2"}],"replies":[{"embeddable":true,"href":"https:\/\/demenz-und-du.de\/demenz-hilfe-fuer-angehoerige\/wp-json\/wp\/v2\/comments?post=212"}],"version-history":[{"count":7,"href":"https:\/\/demenz-und-du.de\/demenz-hilfe-fuer-angehoerige\/wp-json\/wp\/v2\/pages\/212\/revisions"}],"predecessor-version":[{"id":848,"href":"https:\/\/demenz-und-du.de\/demenz-hilfe-fuer-angehoerige\/wp-json\/wp\/v2\/pages\/212\/revisions\/848"}],"wp:attachment":[{"href":"https:\/\/demenz-und-du.de\/demenz-hilfe-fuer-angehoerige\/wp-json\/wp\/v2\/media?parent=212"}],"curies":[{"name":"wp","href":"https:\/\/api.w.org\/{rel}","templated":true}]}}